{"id":3649,"date":"2020-04-15T07:47:10","date_gmt":"2020-04-15T07:47:10","guid":{"rendered":"https:\/\/eurorail.adeo-dev.fr\/logistique-et-distribution\/"},"modified":"2020-04-27T12:49:55","modified_gmt":"2020-04-27T11:49:55","slug":"logistique-et-distribution","status":"publish","type":"page","link":"https:\/\/eurorail.eu\/de\/logistique-et-distribution\/","title":{"rendered":"Logistik &#038; Verteilung"},"content":{"rendered":"<p>[vc_row][vc_column][rev_slider_vc alias=&#8220;logistique_transport_de&#8220;][\/vc_column][\/vc_row][vc_row][vc_column][vc_empty_space height=&#8220;5.3em&#8220; alter_height=&#8220;none&#8220; hide_on_mobile=&#8220;&#8220;][\/vc_column][\/vc_row][vc_row full_width=&#8220;stretch_row&#8220; equal_height=&#8220;yes&#8220; scheme=&#8220;default&#8220; css=&#8220;.vc_custom_1586103443461{background-position: 0 0 !important;background-repeat: no-repeat !important;}&#8220;][vc_column]<div  id=\"sc_promo_457796850\" \n\tclass=\"sc_promo sc_promo_default sc_promo_size_small sc_promo_image_fit sc_promo_image_position_right\"><div class=\"sc_promo_image\" style=\"background-color:rgba(124,124,124,0.01);background-image:url(https:\/\/eurorail.eu\/wp-content\/uploads\/2020\/04\/carte_entrepot_eurorail.gif);width:50%;right: 0;\"><\/div><div class=\"sc_promo_text\" style=\"width: 50%;float: left;\">\n\t\t\t<div class=\"sc_promo_text_inner\" style=\"\"><h6 class=\"sc_item_subtitle sc_promo_subtitle sc_align_default sc_item_title_style_default\">ENTWICKLER INNOVIERENDE L\u00d6SUNGEN<\/h6><h2 class=\"sc_item_title sc_promo_title sc_align_default sc_item_title_style_default\">Eurorail : Logistik & Verteilung<\/h2><div class=\"sc_item_descr sc_promo_descr sc_align_default\">WE INTEGRATE RAIL IN A GLOBAL LOGISTIC CONCEPT<\/p>\n<p>Eurorail ist vertreten in Belgien, Frankreich und Italien. Unsere 5 L\u00e4ger erlauben uns Tailormade L\u00f6sungen an Kunden anzubieten, wobei Ihre Produkte nah an den Endkunden gelagert werden und so die Versorgungskette kurzm\u00f6glichst gehalten wird.<\/div><\/div>\n\t\t<\/div><!-- \/.sc_promo_text --><\/div><!-- \/.sc_promo -->[\/vc_column][\/vc_row][vc_row][vc_column][vc_empty_space height=&#8220;5.3em&#8220; alter_height=&#8220;none&#8220; hide_on_mobile=&#8220;&#8220;][\/vc_column][\/vc_row][vc_row][vc_column]<div id=\"sc_title_822892861\"\n\t\tclass=\"sc_title sc_title_default\"><h2 class=\"sc_item_title sc_title_title sc_align_center sc_item_title_style_default\">Die Logistikzentern<\/h2><\/div><!-- \/.sc_title -->[\/vc_column][\/vc_row][vc_row][vc_column][vc_empty_space height=&#8220;3.3em&#8220; alter_height=&#8220;none&#8220; hide_on_mobile=&#8220;&#8220;][vc_column_text css_animation=&#8220;bounceInDown&#8220;]Unsere Logistikzentern sind Gleisangebunden, und verf\u00fcgen \u00fcber Laderampen f\u00fcr LKW&#8217;s und Umschlagmaterial angepasst an eine Vielfalt an unterschiedlichen Produkte. Wir versorgen Ihr Lagermanagement um schnell Ihre Endkunden beliefern zu k\u00f6nnen.[\/vc_column_text][\/vc_column][\/vc_row][vc_row][vc_column][vc_empty_space height=&#8220;5.3em&#8220; alter_height=&#8220;none&#8220; hide_on_mobile=&#8220;&#8220;][\/vc_column][\/vc_row][vc_row full_width=&#8220;stretch_row_content_no_spaces&#8220; css=&#8220;.vc_custom_1585816883464{background-color: rgba(117,122,125,0.05) !important;*background-color: rgb(117,122,125) !important;}&#8220;][vc_column]<div  id=\"sc_promo_1854986050\" \n\tclass=\"scheme_default sc_promo sc_promo_default sc_promo_size_normal sc_promo_image_position_left\"><div class=\"sc_promo_image\" style=\"background-image:url(https:\/\/eurorail.eu\/wp-content\/uploads\/2020\/03\/bayonne.png);width:50%;left: 0;\"><\/div><div class=\"sc_promo_text\" style=\"width: 50%;float: right;\">\n\t\t\t<div class=\"sc_promo_text_inner\" style=\"\"><h2 class=\"sc_item_title sc_promo_title sc_align_default sc_item_title_style_default\">Logistikzentrum Bayonne<\/h2><div class=\"sc_item_descr sc_promo_descr sc_align_default\">- schienenverbunden<br \/>\n- verf\u00fcgt \u00fcber Lade<br \/>\n- und Entladematerial, geeignet f\u00fcr den Gro\u00dfteil der Produkte<br \/>\n- wir sichern die Verwaltung Ihres Stocks<\/p>\n<p>Fl\u00e4che 5.000 m\u00b2<\/p>\n<p>Zielgebiete: S\u00fcd-West Frankreich, Baskenland, Raum Madrid, Portugal. M\u00f6gliche<\/p>\n<p>Dienstleistungen: behandelte G\u00fcter: Papier und Zellstoff, Konsumg\u00fcter, M\u00f6bel, Stahl\/Montan, Getr\u00e4nke und Lebensmittel, Steing\u00fcter...<\/div><\/div>\n\t\t<\/div><!-- \/.sc_promo_text --><\/div><!-- \/.sc_promo -->[\/vc_column][\/vc_row][vc_row full_width=&#8220;stretch_row_content_no_spaces&#8220; el_class=&#8220;fontadresseeurorail&#8220; css=&#8220;.vc_custom_1585841588778{background-color: #123181 !important;}&#8220;][vc_column width=&#8220;1\/2&#8243;][vc_empty_space height=&#8220;2em&#8220; alter_height=&#8220;none&#8220; hide_on_mobile=&#8220;&#8220;]<div id=\"sc_content_628572844\"\n\t\tclass=\"sc_content sc_content_default sc_float_right sc_content_width_1_2\"><div class=\"sc_content_container\">[vc_row_inner][vc_column_inner width=&#8220;1\/2&#8243;][vc_column_text]<span style=\"color: white;\">BAYONNE :<br \/>\nCEF &#8211; 5 avenue d&#8217;Alegera<br \/>\n64990 Mouguerre (Bayonne)<\/span>[\/vc_column_text][\/vc_column_inner][vc_column_inner width=&#8220;1\/2&#8243;][vc_column_text]<span style=\"color: white;\">FRANCE<\/span><br \/>\n<a style=\"color: white;\" href=\"tel:+33 (0)5 59 31 67 20\">+33 (0)5 59 31 67 20<\/a>[\/vc_column_text][\/vc_column_inner][\/vc_row_inner]<\/div><\/div><!-- \/.sc_content -->[vc_empty_space height=&#8220;2em&#8220; alter_height=&#8220;none&#8220; hide_on_mobile=&#8220;&#8220;][\/vc_column][vc_column width=&#8220;1\/2&#8243;][vc_gmaps link=&#8220;#E-8_JTNDaWZyYW1lJTIwc3JjJTNEJTIyaHR0cHMlM0ElMkYlMkZ3d3cuZ29vZ2xlLmNvbSUyRm1hcHMlMkZlbWJlZCUzRnBiJTNEJTIxMW0xOCUyMTFtMTIlMjExbTMlMjExZDI4OTQuODEzMjQ0NjQ5MTM3NyUyMTJkLTEuNDI4ODIwNDg0NDMxODUyNCUyMTNkNDMuNDg1MzY3NjcxMjg0OTQlMjEybTMlMjExZjAlMjEyZjAlMjEzZjAlMjEzbTIlMjExaTEwMjQlMjEyaTc2OCUyMTRmMTMuMSUyMTNtMyUyMTFtMiUyMTFzMHhkNTE0NzQzMjc0ODE5MDMlMjUzQTB4ODU4MjFiZGEwYThjMzM2ZiUyMTJzQ29tYml0cmFucyUyMTVlMCUyMTNtMiUyMTFzZnIlMjEyc2ZyJTIxNHYxNTg1ODIwOTc0MDA1JTIxNW0yJTIxMXNmciUyMTJzZnIlMjIlMjB3aWR0aCUzRCUyMjYwMCUyMiUyMGhlaWdodCUzRCUyMjQ1MCUyMiUyMGZyYW1lYm9yZGVyJTNEJTIyMCUyMiUyMHN0eWxlJTNEJTIyYm9yZGVyJTNBMCUzQiUyMiUyMGFsbG93ZnVsbHNjcmVlbiUzRCUyMiUyMiUyMGFyaWEtaGlkZGVuJTNEJTIyZmFsc2UlMjIlMjB0YWJpbmRleCUzRCUyMjAlMjIlM0UlM0MlMkZpZnJhbWUlM0U=&#8220; size=&#8220;150&#8243;][\/vc_column][\/vc_row][vc_row full_width=&#8220;stretch_row_content_no_spaces&#8220; css=&#8220;.vc_custom_1585816925134{background-color: rgba(117,122,125,0.05) !important;*background-color: rgb(117,122,125) !important;}&#8220;][vc_column]<div  id=\"sc_promo_1699221047\" \n\tclass=\"scheme_default sc_promo sc_promo_default sc_promo_size_normal sc_promo_image_position_right\"><div class=\"sc_promo_image\" style=\"background-image:url(https:\/\/eurorail.eu\/wp-content\/uploads\/2020\/03\/Le_boulou.png);width:50%;right: 0;\"><\/div><div class=\"sc_promo_text\" style=\"width: 50%;float: left;\">\n\t\t\t<div class=\"sc_promo_text_inner\" style=\"\"><h2 class=\"sc_item_title sc_promo_title sc_align_default sc_item_title_style_default\">Logistikzentrum Le Boulou<\/h2><div class=\"sc_item_descr sc_promo_descr sc_align_default\">- schienenverbunden<br \/>\n- verf\u00fcgt \u00fcber Lade<br \/>\n- und Entladematerial, geeignet f\u00fcr den Gro\u00dfteil der Produkte<br \/>\n- wir sichern die Verwaltung Ihres Stocks<\/p>\n<p>Fl\u00e4che 15.000 m\u00b2<\/p>\n<p>Zielgebiete: Raum Toulouse und Montpellier, Katalonien, Valence, Tarragona. M\u00f6gliche<\/p>\n<p>Dienstleistungen: behandelte G\u00fcter: Papier und Zellstoff, Konsumg\u00fcter, M\u00f6bel, Stahl\/Montan, Getr\u00e4nke und Lebensmittel, Steing\u00fcter...<\/div><\/div>\n\t\t<\/div><!-- \/.sc_promo_text --><\/div><!-- \/.sc_promo -->[\/vc_column][\/vc_row][vc_row full_width=&#8220;stretch_row_content_no_spaces&#8220; css=&#8220;.vc_custom_1585898195561{background-color: #123181 !important;}&#8220;][vc_column width=&#8220;1\/2&#8243;][vc_gmaps link=&#8220;#E-8_JTNDaWZyYW1lJTIwc3JjJTNEJTIyaHR0cHMlM0ElMkYlMkZ3d3cuZ29vZ2xlLmNvbSUyRm1hcHMlMkZlbWJlZCUzRnBiJTNEJTIxMW0xOCUyMTFtMTIlMjExbTMlMjExZDI5NDAuMzQ3Nzc0MjUzMzkzJTIxMmQyLjgyMjAwNDExNTU0MzM0NzUlMjEzZDQyLjUyNjY2NjYzMjU1NjE3JTIxMm0zJTIxMWYwJTIxMmYwJTIxM2YwJTIxM20yJTIxMWkxMDI0JTIxMmk3NjglMjE0ZjEzLjElMjEzbTMlMjExbTIlMjExczB4MTJiMDc1ODMzZTc2MTcxMyUyNTNBMHhmYTVjYjQxMzgwZTBjODFkJTIxMnNOb3J0cmFucyUyNTIwU0ElMjE1ZTAlMjEzbTIlMjExc2ZyJTIxMnNmciUyMTR2MTU4NTgyMDk0ODczMyUyMTVtMiUyMTFzZnIlMjEyc2ZyJTIyJTIwd2lkdGglM0QlMjI2MDAlMjIlMjBoZWlnaHQlM0QlMjI0NTAlMjIlMjBmcmFtZWJvcmRlciUzRCUyMjAlMjIlMjBzdHlsZSUzRCUyMmJvcmRlciUzQTAlM0IlMjIlMjBhbGxvd2Z1bGxzY3JlZW4lM0QlMjIlMjIlMjBhcmlhLWhpZGRlbiUzRCUyMmZhbHNlJTIyJTIwdGFiaW5kZXglM0QlMjIwJTIyJTNFJTNDJTJGaWZyYW1lJTNF&#8220; size=&#8220;150&#8243;][\/vc_column][vc_column width=&#8220;1\/2&#8243;][vc_empty_space height=&#8220;2em&#8220; alter_height=&#8220;none&#8220; hide_on_mobile=&#8220;&#8220;]<div id=\"sc_content_503442937\"\n\t\tclass=\"sc_content sc_content_default sc_float_right sc_content_width_1_2\"><div class=\"sc_content_container\">[vc_row_inner][vc_column_inner width=&#8220;1\/2&#8243;][vc_column_text]<span style=\"color: white;\">LE BOULOU :<br \/>\nCamp de la Basse &#8211; Autoport<br \/>\n66161 Le Boulou FRANCE<\/span>[\/vc_column_text][\/vc_column_inner][vc_column_inner width=&#8220;1\/2&#8243;][vc_column_text]<span style=\"color: white;\">FRANCE<\/span><br \/>\n<a style=\"color: white;\" href=\"tel:+33 (0)4 68 83 55 00\">+33 (0)4 68 83 55 00<\/a>[\/vc_column_text][\/vc_column_inner][\/vc_row_inner]<\/div><\/div><!-- \/.sc_content -->[vc_empty_space height=&#8220;2em&#8220; alter_height=&#8220;none&#8220; hide_on_mobile=&#8220;&#8220;][\/vc_column][\/vc_row][vc_row full_width=&#8220;stretch_row_content_no_spaces&#8220; css=&#8220;.vc_custom_1585816943540{background-color: rgba(117,122,125,0.05) !important;*background-color: rgb(117,122,125) !important;}&#8220;][vc_column]<div  id=\"sc_promo_184716831\" \n\tclass=\"scheme_default sc_promo sc_promo_default sc_promo_size_normal sc_promo_image_position_left\"><div class=\"sc_promo_image\" style=\"background-image:url(https:\/\/eurorail.eu\/wp-content\/uploads\/2016\/11\/AKIEM.jpg);width:50%;left: 0;\"><\/div><div class=\"sc_promo_text\" style=\"width: 50%;float: right;\">\n\t\t\t<div class=\"sc_promo_text_inner\" style=\"\"><h2 class=\"sc_item_title sc_promo_title sc_align_default sc_item_title_style_default\">Logistikzentrum Golbey<\/h2><div class=\"sc_item_descr sc_promo_descr sc_align_default\">- schienenverbunden<br \/>\n- verf\u00fcgt \u00fcber Lade<br \/>\n- und Entladematerial, geeignet f\u00fcr den Gro\u00dfteil der Produkte<br \/>\n- wir sichern die Verwaltung Ihres Stocks<\/p>\n<p>Fl\u00e4che 12.000 m\u00b2<\/p>\n<p>Umschlagmaterial: Gabel- und Klammenstapler f\u00fcr Papierrollen. Zielgebiete: Nord-Ost Frankreich, Belgien, Schweiz, S\u00fcd-Deutschland.<\/p>\n<p>M\u00f6gliche Dienstleistungen: behandelte G\u00fcter: Papier und Zellstoff, Konsumg\u00fcter, M\u00f6bel, Stahl\/Montan, Getr\u00e4nke und Lebensmittel, Steing\u00fcter...<\/div><\/div>\n\t\t<\/div><!-- \/.sc_promo_text --><\/div><!-- \/.sc_promo -->[\/vc_column][\/vc_row][vc_row full_width=&#8220;stretch_row_content_no_spaces&#8220; css=&#8220;.vc_custom_1585898205149{background-color: #123181 !important;}&#8220;][vc_column width=&#8220;1\/2&#8243;][vc_empty_space height=&#8220;2em&#8220; alter_height=&#8220;none&#8220; hide_on_mobile=&#8220;&#8220;]<div id=\"sc_content_2062879018\"\n\t\tclass=\"sc_content sc_content_default sc_float_right sc_content_width_1_2\"><div class=\"sc_content_container\">[vc_row_inner][vc_column_inner width=&#8220;1\/2&#8243;][vc_column_text]<span style=\"color: white;\">GOLBEY :<br \/>\nZI Bois des Meutrys<br \/>\nRoute Jean-Charles Pellerin<br \/>\n88190 Golbey<\/span>[\/vc_column_text][\/vc_column_inner][vc_column_inner width=&#8220;1\/2&#8243;][vc_column_text]<span style=\"color: white;\">FRANCE<\/span><br \/>\n<a style=\"color: white;\" href=\"tel:+33 (0)3 29 29 09 80\">+33 (0)3 29 29 09 80<\/a>[\/vc_column_text][\/vc_column_inner][\/vc_row_inner]<\/div><\/div><!-- \/.sc_content -->[vc_empty_space height=&#8220;2em&#8220; alter_height=&#8220;none&#8220; hide_on_mobile=&#8220;&#8220;][\/vc_column][vc_column width=&#8220;1\/2&#8243;][vc_gmaps link=&#8220;#E-8_JTNDaWZyYW1lJTIwc3JjJTNEJTIyaHR0cHMlM0ElMkYlMkZ3d3cuZ29vZ2xlLmNvbSUyRm1hcHMlMkZlbWJlZCUzRnBiJTNEJTIxMW0xOCUyMTFtMTIlMjExbTMlMjExZDI2NTguNzkxNzAwMDgxODk2JTIxMmQ2LjQxOTc3NjExNTY1MTU2OSUyMTNkNDguMjEwNjI3OTc5MjI5MzM2JTIxMm0zJTIxMWYwJTIxMmYwJTIxM2YwJTIxM20yJTIxMWkxMDI0JTIxMmk3NjglMjE0ZjEzLjElMjEzbTMlMjExbTIlMjExczB4NDc5MzBhYzBkMGQwZWRlYiUyNTNBMHg1MDgwMmRiZjc1MmJmMTBhJTIxMnNFdXJvcmFpbCUyNTIwRnJhbmNlJTIxNWUwJTIxM20yJTIxMXNmciUyMTJzZnIlMjE0djE1ODU4MjA5MTI4MjclMjE1bTIlMjExc2ZyJTIxMnNmciUyMiUyMHdpZHRoJTNEJTIyNjAwJTIyJTIwaGVpZ2h0JTNEJTIyNDUwJTIyJTIwZnJhbWVib3JkZXIlM0QlMjIwJTIyJTIwc3R5bGUlM0QlMjJib3JkZXIlM0EwJTNCJTIyJTIwYWxsb3dmdWxsc2NyZWVuJTNEJTIyJTIyJTIwYXJpYS1oaWRkZW4lM0QlMjJmYWxzZSUyMiUyMHRhYmluZGV4JTNEJTIyMCUyMiUzRSUzQyUyRmlmcmFtZSUzRQ==&#8220; size=&#8220;165&#8243;][\/vc_column][\/vc_row][vc_row full_width=&#8220;stretch_row_content_no_spaces&#8220; css=&#8220;.vc_custom_1585816957702{background-color: rgba(117,122,125,0.05) !important;*background-color: rgb(117,122,125) !important;}&#8220;][vc_column]<div  id=\"sc_promo_1743052471\" \n\tclass=\"scheme_default sc_promo sc_promo_default sc_promo_size_normal sc_promo_image_position_right\"><div class=\"sc_promo_image\" style=\"background-image:url(https:\/\/eurorail.eu\/wp-content\/uploads\/2020\/04\/Survilliers_Eurorail-scaled.jpg);width:50%;right: 0;\"><\/div><div class=\"sc_promo_text\" style=\"width: 50%;float: left;\">\n\t\t\t<div class=\"sc_promo_text_inner\" style=\"\"><h2 class=\"sc_item_title sc_promo_title sc_align_default sc_item_title_style_default\">Logistikzentrum Paris-Lieusaint<\/h2><div class=\"sc_item_descr sc_promo_descr sc_align_default\">\u2022 schienenverbunden<br \/>\n\u2022 verf\u00fcgt \u00fcber Lade<br \/>\n\u2022 und Entladematerial, geeignet f\u00fcr den Gro\u00dfteil der Produkte<br \/>\n\u2022 wir sichern die Verwaltung Ihres Stocks.<\/p>\n<p>M\u00f6gliche Dienstleistungen: Umschlag und Lagerung aller Trockenstoffe.<br \/>\n\u2022 Spezialisiert in Lagerung und Behandlung von Forstprodukte (Papier, Zellstoff).<\/p>\n<p>M\u00f6gliche Dienstleistungen:<br \/>\n\u2022 behandelte G\u00fcter: Papier und Zellstoff, Konsumg\u00fcter, M\u00f6bel, Stahl\/Montan, Getr\u00e4nke und Lebensmittel, Steing\u00fcter...<\/div><\/div>\n\t\t<\/div><!-- \/.sc_promo_text --><\/div><!-- \/.sc_promo -->[\/vc_column][\/vc_row][vc_row full_width=&#8220;stretch_row_content_no_spaces&#8220; css=&#8220;.vc_custom_1585898217823{background-color: #123181 !important;}&#8220;][vc_column width=&#8220;1\/2&#8243;][vc_gmaps link=&#8220;#E-8_JTNDaWZyYW1lJTIwc3JjJTNEJTIyaHR0cHMlM0ElMkYlMkZ3d3cuZ29vZ2xlLmNvbSUyRm1hcHMlMkZlbWJlZCUzRnBiJTNEJTIxMW0xOCUyMTFtMTIlMjExbTMlMjExZDI2MzUuODM0MjM3MzQzNjYyJTIxMmQyLjU0OTQ1OTExNTg2MDc5MiUyMTNkNDguNjUxMjg2MjIzMjIwMzMlMjEybTMlMjExZjAlMjEyZjAlMjEzZjAlMjEzbTIlMjExaTEwMjQlMjEyaTc2OCUyMTRmMTMuMSUyMTNtMyUyMTFtMiUyMTFzMHg0N2U1ZTNiNTM2MWM2MWZkJTI1M0EweDc0NTc1NGMyOWNmZTllYzQlMjEyc0xhZm9yJTI1QzMlMjVBQXQlMjUyMExvZ2lzdGlxdWUlMjE1ZTAlMjEzbTIlMjExc2ZyJTIxMnNmciUyMTR2MTU4NTg0MDgyNzMxMyUyMTVtMiUyMTFzZnIlMjEyc2ZyJTIyJTIwd2lkdGglM0QlMjI2MDAlMjIlMjBoZWlnaHQlM0QlMjI0NTAlMjIlMjBmcmFtZWJvcmRlciUzRCUyMjAlMjIlMjBzdHlsZSUzRCUyMmJvcmRlciUzQTAlM0IlMjIlMjBhbGxvd2Z1bGxzY3JlZW4lM0QlMjIlMjIlMjBhcmlhLWhpZGRlbiUzRCUyMmZhbHNlJTIyJTIwdGFiaW5kZXglM0QlMjIwJTIyJTNFJTNDJTJGaWZyYW1lJTNF&#8220; size=&#8220;165&#8243;][\/vc_column][vc_column width=&#8220;1\/2&#8243;][vc_empty_space height=&#8220;2em&#8220; alter_height=&#8220;none&#8220; hide_on_mobile=&#8220;&#8220;]<div id=\"sc_content_581168209\"\n\t\tclass=\"sc_content sc_content_default sc_float_right sc_content_width_1_2\"><div class=\"sc_content_container\">[vc_row_inner][vc_column_inner width=&#8220;1\/2&#8243;][vc_column_text]<span style=\"color: white;\">LIEUSAINT:<br \/>\nLaforet Logistique<br \/>\n9001 BD JEAN MONNET<br \/>\n77380 COMBS-LA-VILLE<\/span>[\/vc_column_text][\/vc_column_inner][vc_column_inner width=&#8220;1\/2&#8243;][vc_column_text]<span style=\"color: white;\">FRANCE<\/span><br \/>\n<a style=\"color: white;\" href=\"tel:+33 (0)9 67 27 70 03\">+33 (0)9 67 27 70 03<\/a>[\/vc_column_text][\/vc_column_inner][\/vc_row_inner]<\/div><\/div><!-- \/.sc_content -->[vc_empty_space height=&#8220;2em&#8220; alter_height=&#8220;none&#8220; hide_on_mobile=&#8220;&#8220;][\/vc_column][\/vc_row][vc_row full_width=&#8220;stretch_row_content_no_spaces&#8220; css=&#8220;.vc_custom_1585816974046{background-color: rgba(117,122,125,0.05) !important;*background-color: rgb(117,122,125) !important;}&#8220;][vc_column]<div  id=\"sc_promo_1667100824\" \n\tclass=\"scheme_default sc_promo sc_promo_default sc_promo_size_normal sc_promo_no_image\"><div class=\"sc_promo_text\" style=\"width: 100%;\">\n\t\t\t<div class=\"sc_promo_text_inner\" style=\"\"><h2 class=\"sc_item_title sc_promo_title sc_align_default sc_item_title_style_default\">Logistikzentrum Castelguelfo<\/h2><div class=\"sc_item_descr sc_promo_descr sc_align_default\">- schienenverbunden<br \/>\n- verf\u00fcgt \u00fcber Lade<br \/>\n- und Entladematerial, geeignet f\u00fcr den Gro\u00dfteil der Produkte<br \/>\n- wir sichern die Verwaltung Ihres Stocks<\/p>\n<p>Fl\u00e4che 10.000 m\u00b2<\/p>\n<p>Zielgebiete: Nord- und Mitte Italien (Lucca, Bologna, Verona, Milano, Genova, Rome).<\/p>\n<p>M\u00f6gliche Dienstleistungen: behandelte G\u00fcter: Papier und Zellstoff, Konsumg\u00fcter, M\u00f6bel, Stahl\/Montan, Getr\u00e4nke und Lebensmittel, Steing\u00fcter...<\/div><\/div>\n\t\t<\/div><!-- \/.sc_promo_text --><\/div><!-- \/.sc_promo -->[\/vc_column][\/vc_row][vc_row full_width=&#8220;stretch_row_content_no_spaces&#8220; css=&#8220;.vc_custom_1585898228636{background-color: #123181 !important;}&#8220;][vc_column width=&#8220;1\/2&#8243;][vc_empty_space height=&#8220;2em&#8220; alter_height=&#8220;none&#8220; hide_on_mobile=&#8220;&#8220;]<div id=\"sc_content_795604176\"\n\t\tclass=\"sc_content sc_content_default sc_float_right sc_content_width_1_2\"><div class=\"sc_content_container\">[vc_row_inner][vc_column_inner width=&#8220;1\/2&#8243;][vc_column_text]<span style=\"color: white;\">CASTELGUELFO:<br \/>\nInterporto<br \/>\nVia Vienna<br \/>\n43010 Fontevivo (PR)<\/span>[\/vc_column_text][\/vc_column_inner][vc_column_inner width=&#8220;1\/2&#8243;][vc_column_text]<span style=\"color: white;\">ITALIE<br \/>\n<a style=\"color: white;\" href=\"tel:+39 05 21 61 75 20\">+39 05 21 61 75 20<\/a>[\/vc_column_text][\/vc_column_inner][\/vc_row_inner]<\/div><\/div><!-- \/.sc_content -->[vc_empty_space height=&#8220;2em&#8220; alter_height=&#8220;none&#8220; hide_on_mobile=&#8220;&#8220;][\/vc_column][vc_column width=&#8220;1\/2&#8243;][vc_gmaps link=&#8220;#E-8_JTNDaWZyYW1lJTIwc3JjJTNEJTIyaHR0cHMlM0ElMkYlMkZ3d3cuZ29vZ2xlLmNvbSUyRm1hcHMlMkZlbWJlZCUzRnBiJTNEJTIxMW0xNCUyMTFtOCUyMTFtMyUyMTFkMTEzMTIuNjY5NzU1NDExNjIlMjEyZDEwLjIzNzUwNDclMjEzZDQ0Ljg1ODg4NiUyMTNtMiUyMTFpMTAyNCUyMTJpNzY4JTIxNGYxMy4xJTIxM20zJTIxMW0yJTIxMXMweDAlMjUzQTB4MTViZmNmOWJiNzExODE3MCUyMTJzRXVyb3JhaWwlMjUyMEl0YWxpYSUyNTIwU3JsJTIxNWUwJTIxM20yJTIxMXNmciUyMTJzZnIlMjE0djE1ODU4MjA3NzU3MTIlMjE1bTIlMjExc2ZyJTIxMnNmciUyMiUyMHdpZHRoJTNEJTIyNjAwJTIyJTIwaGVpZ2h0JTNEJTIyNDUwJTIyJTIwZnJhbWVib3JkZXIlM0QlMjIwJTIyJTIwc3R5bGUlM0QlMjJib3JkZXIlM0EwJTNCJTIyJTIwYWxsb3dmdWxsc2NyZWVuJTNEJTIyJTIyJTIwYXJpYS1oaWRkZW4lM0QlMjJmYWxzZSUyMiUyMHRhYmluZGV4JTNEJTIyMCUyMiUzRSUzQyUyRmlmcmFtZSUzRQ==&#8220; size=&#8220;165&#8243;][\/vc_column][\/vc_row][vc_row][vc_column][vc_empty_space height=&#8220;7em&#8220; alter_height=&#8220;none&#8220; hide_on_mobile=&#8220;&#8220;][\/vc_column][\/vc_row][vc_row][vc_column][vc_column_text]<\/span>[\/vc_column_text][\/vc_column][\/vc_row]<\/p>\n","protected":false},"excerpt":{"rendered":"<p>[vc_row][vc_column][rev_slider_vc alias=&#8220;logistique_transport_de&#8220;][\/vc_column][\/vc_row][vc_row][vc_column][vc_empty_space height=&#8220;5.3em&#8220; alter_height=&#8220;none&#8220; hide_on_mobile=&#8220;&#8220;][\/vc_column][\/vc_row][vc_row full_width=&#8220;stretch_row&#8220; equal_height=&#8220;yes&#8220; scheme=&#8220;default&#8220; css=&#8220;.vc_custom_1586103443461{background-position: 0 0 !important;background-repeat: no-repeat !important;}&#8220;][vc_column][\/vc_column][\/vc_row][vc_row][vc_column][vc_empty_space height=&#8220;5.3em&#8220; alter_height=&#8220;none&#8220; hide_on_mobile=&#8220;&#8220;][\/vc_column][\/vc_row][vc_row][vc_column][\/vc_column][\/vc_row][vc_row][vc_column][vc_empty_space height=&#8220;3.3em&#8220; alter_height=&#8220;none&#8220; hide_on_mobile=&#8220;&#8220;][vc_column_text css_animation=&#8220;bounceInDown&#8220;]Unsere Logistikzentern sind Gleisangebunden, und verf\u00fcgen \u00fcber Laderampen f\u00fcr LKW&#8217;s und Umschlagmaterial angepasst an eine Vielfalt an unterschiedlichen Produkte. Wir versorgen Ihr Lagermanagement um schnell Ihre Endkunden beliefern zu k\u00f6nnen.[\/vc_column_text][\/vc_column][\/vc_row][vc_row][vc_column][vc_empty_space height=&#8220;5.3em&#8220; alter_height=&#8220;none&#8220; hide_on_mobile=&#8220;&#8220;][\/vc_column][\/vc_row][vc_row full_width=&#8220;stretch_row_content_no_spaces&#8220; css=&#8220;.vc_custom_1585816883464{background-color: rgba(117,122,125,0.05) !important;*background-color: rgb(117,122,125) !important;}&#8220;][vc_column][\/vc_column][\/vc_row][vc_row full_width=&#8220;stretch_row_content_no_spaces&#8220;&hellip;<\/p>\n","protected":false},"author":1,"featured_media":0,"parent":0,"menu_order":0,"comment_status":"closed","ping_status":"closed","template":"","meta":{"footnotes":""},"class_list":["post-3649","page","type-page","status-publish","hentry"],"yoast_head":"<!-- This site is optimized with the Yoast SEO plugin v27.5 - https:\/\/yoast.com\/product\/yoast-seo-wordpress\/ -->\n<title>Eurorail hat sich auf Logistik und Vertrieb von Waren spezialisiert<\/title>\n<meta name=\"description\" content=\"Unsere Logistikplattformen in Belgien, Frankreich und Italien gew\u00e4hrleisten die Verwaltung Ihrer Lagerbest\u00e4nde, die R\u00fcckverfolgbarkeit und die Lagerung von Waren\" \/>\n<meta name=\"robots\" content=\"index, follow, max-snippet:-1, max-image-preview:large, max-video-preview:-1\" \/>\n<link rel=\"canonical\" href=\"https:\/\/eurorail.eu\/de\/logistique-et-distribution\/\" \/>\n<meta property=\"og:locale\" content=\"de_DE\" \/>\n<meta property=\"og:type\" content=\"article\" \/>\n<meta property=\"og:title\" content=\"Eurorail hat sich auf Logistik und Vertrieb von Waren spezialisiert\" \/>\n<meta property=\"og:description\" content=\"Unsere Logistikplattformen in Belgien, Frankreich und Italien gew\u00e4hrleisten die Verwaltung Ihrer Lagerbest\u00e4nde, die R\u00fcckverfolgbarkeit und die Lagerung von Waren\" \/>\n<meta property=\"og:url\" content=\"https:\/\/eurorail.eu\/de\/logistique-et-distribution\/\" \/>\n<meta property=\"og:site_name\" content=\"Eurorail\" \/>\n<meta property=\"article:modified_time\" content=\"2020-04-27T11:49:55+00:00\" \/>\n<meta name=\"twitter:card\" content=\"summary_large_image\" \/>\n<meta name=\"twitter:label1\" content=\"Gesch\u00e4tzte Lesezeit\" \/>\n\t<meta name=\"twitter:data1\" content=\"10\u00a0Minuten\" \/>\n<script type=\"application\/ld+json\" class=\"yoast-schema-graph\">{\"@context\":\"https:\\\/\\\/schema.org\",\"@graph\":[{\"@type\":\"WebPage\",\"@id\":\"https:\\\/\\\/eurorail.eu\\\/de\\\/logistique-et-distribution\\\/\",\"url\":\"https:\\\/\\\/eurorail.eu\\\/de\\\/logistique-et-distribution\\\/\",\"name\":\"Eurorail hat sich auf Logistik und Vertrieb von Waren spezialisiert\",\"isPartOf\":{\"@id\":\"https:\\\/\\\/eurorail.eu\\\/de\\\/#website\"},\"datePublished\":\"2020-04-15T07:47:10+00:00\",\"dateModified\":\"2020-04-27T11:49:55+00:00\",\"description\":\"Unsere Logistikplattformen in Belgien, Frankreich und Italien gew\u00e4hrleisten die Verwaltung Ihrer Lagerbest\u00e4nde, die R\u00fcckverfolgbarkeit und die Lagerung von Waren\",\"breadcrumb\":{\"@id\":\"https:\\\/\\\/eurorail.eu\\\/de\\\/logistique-et-distribution\\\/#breadcrumb\"},\"inLanguage\":\"de\",\"potentialAction\":[{\"@type\":\"ReadAction\",\"target\":[\"https:\\\/\\\/eurorail.eu\\\/de\\\/logistique-et-distribution\\\/\"]}]},{\"@type\":\"BreadcrumbList\",\"@id\":\"https:\\\/\\\/eurorail.eu\\\/de\\\/logistique-et-distribution\\\/#breadcrumb\",\"itemListElement\":[{\"@type\":\"ListItem\",\"position\":1,\"name\":\"Accueil\",\"item\":\"https:\\\/\\\/eurorail.eu\\\/de\\\/\"},{\"@type\":\"ListItem\",\"position\":2,\"name\":\"Logistik &#038; Verteilung\"}]},{\"@type\":\"WebSite\",\"@id\":\"https:\\\/\\\/eurorail.eu\\\/de\\\/#website\",\"url\":\"https:\\\/\\\/eurorail.eu\\\/de\\\/\",\"name\":\"Eurorail\",\"description\":\"We integrate rail in a global logistic concept\",\"potentialAction\":[{\"@type\":\"SearchAction\",\"target\":{\"@type\":\"EntryPoint\",\"urlTemplate\":\"https:\\\/\\\/eurorail.eu\\\/de\\\/?s={search_term_string}\"},\"query-input\":{\"@type\":\"PropertyValueSpecification\",\"valueRequired\":true,\"valueName\":\"search_term_string\"}}],\"inLanguage\":\"de\"}]}<\/script>\n<!-- \/ Yoast SEO plugin. -->","yoast_head_json":{"title":"Eurorail hat sich auf Logistik und Vertrieb von Waren spezialisiert","description":"Unsere Logistikplattformen in Belgien, Frankreich und Italien gew\u00e4hrleisten die Verwaltung Ihrer Lagerbest\u00e4nde, die R\u00fcckverfolgbarkeit und die Lagerung von Waren","robots":{"index":"index","follow":"follow","max-snippet":"max-snippet:-1","max-image-preview":"max-image-preview:large","max-video-preview":"max-video-preview:-1"},"canonical":"https:\/\/eurorail.eu\/de\/logistique-et-distribution\/","og_locale":"de_DE","og_type":"article","og_title":"Eurorail hat sich auf Logistik und Vertrieb von Waren spezialisiert","og_description":"Unsere Logistikplattformen in Belgien, Frankreich und Italien gew\u00e4hrleisten die Verwaltung Ihrer Lagerbest\u00e4nde, die R\u00fcckverfolgbarkeit und die Lagerung von Waren","og_url":"https:\/\/eurorail.eu\/de\/logistique-et-distribution\/","og_site_name":"Eurorail","article_modified_time":"2020-04-27T11:49:55+00:00","twitter_card":"summary_large_image","twitter_misc":{"Gesch\u00e4tzte Lesezeit":"10\u00a0Minuten"},"schema":{"@context":"https:\/\/schema.org","@graph":[{"@type":"WebPage","@id":"https:\/\/eurorail.eu\/de\/logistique-et-distribution\/","url":"https:\/\/eurorail.eu\/de\/logistique-et-distribution\/","name":"Eurorail hat sich auf Logistik und Vertrieb von Waren spezialisiert","isPartOf":{"@id":"https:\/\/eurorail.eu\/de\/#website"},"datePublished":"2020-04-15T07:47:10+00:00","dateModified":"2020-04-27T11:49:55+00:00","description":"Unsere Logistikplattformen in Belgien, Frankreich und Italien gew\u00e4hrleisten die Verwaltung Ihrer Lagerbest\u00e4nde, die R\u00fcckverfolgbarkeit und die Lagerung von Waren","breadcrumb":{"@id":"https:\/\/eurorail.eu\/de\/logistique-et-distribution\/#breadcrumb"},"inLanguage":"de","potentialAction":[{"@type":"ReadAction","target":["https:\/\/eurorail.eu\/de\/logistique-et-distribution\/"]}]},{"@type":"BreadcrumbList","@id":"https:\/\/eurorail.eu\/de\/logistique-et-distribution\/#breadcrumb","itemListElement":[{"@type":"ListItem","position":1,"name":"Accueil","item":"https:\/\/eurorail.eu\/de\/"},{"@type":"ListItem","position":2,"name":"Logistik &#038; Verteilung"}]},{"@type":"WebSite","@id":"https:\/\/eurorail.eu\/de\/#website","url":"https:\/\/eurorail.eu\/de\/","name":"Eurorail","description":"We integrate rail in a global logistic concept","potentialAction":[{"@type":"SearchAction","target":{"@type":"EntryPoint","urlTemplate":"https:\/\/eurorail.eu\/de\/?s={search_term_string}"},"query-input":{"@type":"PropertyValueSpecification","valueRequired":true,"valueName":"search_term_string"}}],"inLanguage":"de"}]}},"_links":{"self":[{"href":"https:\/\/eurorail.eu\/de\/wp-json\/wp\/v2\/pages\/3649","targetHints":{"allow":["GET"]}}],"collection":[{"href":"https:\/\/eurorail.eu\/de\/wp-json\/wp\/v2\/pages"}],"about":[{"href":"https:\/\/eurorail.eu\/de\/wp-json\/wp\/v2\/types\/page"}],"author":[{"embeddable":true,"href":"https:\/\/eurorail.eu\/de\/wp-json\/wp\/v2\/users\/1"}],"replies":[{"embeddable":true,"href":"https:\/\/eurorail.eu\/de\/wp-json\/wp\/v2\/comments?post=3649"}],"version-history":[{"count":16,"href":"https:\/\/eurorail.eu\/de\/wp-json\/wp\/v2\/pages\/3649\/revisions"}],"predecessor-version":[{"id":4175,"href":"https:\/\/eurorail.eu\/de\/wp-json\/wp\/v2\/pages\/3649\/revisions\/4175"}],"wp:attachment":[{"href":"https:\/\/eurorail.eu\/de\/wp-json\/wp\/v2\/media?parent=3649"}],"curies":[{"name":"wp","href":"https:\/\/api.w.org\/{rel}","templated":true}]}}